{"id":36,"date":"2018-11-29T13:19:40","date_gmt":"2018-11-29T13:19:40","guid":{"rendered":"http:\/\/ensenyament-aprenentatge-dig.recursos.uoc.edu\/ensenyar_i_aprendre_en_linia\/?page_id=36"},"modified":"2019-01-10T12:27:50","modified_gmt":"2019-01-10T12:27:50","slug":"2-1-introduccio","status":"publish","type":"page","link":"http:\/\/ensenyament-aprenentatge-dig.recursos.uoc.edu\/teoria\/2-1-introduccio\/","title":{"rendered":"2.1. Introducci\u00f3"},"content":{"rendered":"<figure id=\"attachment_37\" aria-describedby=\"caption-attachment-37\" style=\"width: 800px\" class=\"wp-caption alignnone\"><img loading=\"lazy\" class=\"wp-image-37 size-full\" src=\"\/wp-content\/uploads\/sites\/7\/2018\/11\/m1030_m1_001.jpg\" alt=\"\" width=\"800\" height=\"533\" srcset=\"\/wp-content\/uploads\/sites\/7\/2018\/11\/m1030_m1_001.jpg 800w, \/wp-content\/uploads\/sites\/7\/2018\/11\/m1030_m1_001-300x200.jpg 300w, \/wp-content\/uploads\/sites\/7\/2018\/11\/m1030_m1_001-768x512.jpg 768w\" sizes=\"(max-width: 800px) 100vw, 800px\" \/><figcaption id=\"caption-attachment-37\" class=\"wp-caption-text\">Font: <a href=\"https:\/\/unsplash.com\/photos\/5QgIuuBxKwM?utm_source=unsplash&amp;utm_medium=referral&amp;utm_content=creditCopyText\" target=\"_blank\" rel=\"&quot;noopener\u201d\">Headway<\/a> a unsplash.com<\/figcaption><\/figure>\n<p>En un m\u00f3n marcat pel canvi i la complexitat creixent en tots els \u00e0mbits, l\u2019aprenentatge esdev\u00e9 un factor cr\u00edtic per al desenvolupament personal, social i professional de les persones.<\/p>\n<p>El m\u00e9s important ja no \u00e9s acumular coneixements, sin\u00f3 adquirir la capacitat d\u2019actualitzar-los de manera \u00e0gil, seleccionant i utilitzant adequadament la informaci\u00f3 oportuna, per a poder respondre els reptes que se\u2019ns plantegen en cada moment. Aix\u00ed, doncs, formar ciutadans competents, cr\u00edtics i participatius en l\u2019era digital requereix <strong>transformacions profundes<\/strong> en els processos d\u2019ensenyament i aprenentatge.<\/p>\n<p>Les <strong>tecnologies digitals<\/strong> tenen un paper clau en aquesta necess\u00e0ria adaptaci\u00f3 del sistema educatiu a les noves necessitats socials. Es tracta de recursos cada vegada m\u00e9s presents a pr\u00e0cticament tots els \u00e0mbits de la vida, que ens permeten realitzar les activitats de manera diferent, molt m\u00e9s \u00e0gilment i interactivament, que amb els mitjans tradicionals. Tamb\u00e9 potencien extraordin\u00e0riament l\u2019<strong>autonomia <\/strong>i les capacitats dels usuaris a l\u2019hora d\u2019obtenir, crear i compartir tot tipus de continguts, i d\u2019interactuar sense les limitacions del temps i la dist\u00e0ncia.<\/p>\n<p>L\u2019educaci\u00f3, com a proc\u00e9s basat en el coneixement, la comunicaci\u00f3 i les interaccions socials, s\u2019ha vist radicalment afectada per l\u2019emerg\u00e8ncia de la cultura digital (Freire, 2009). Amb tot, encara som en una fase de transici\u00f3 en la qual perviuen molts sistemes d\u2019ensenyament cl\u00e0ssics, i queda molt de cam\u00ed per rec\u00f3rrer per a aprofitar el potencial did\u00e0ctic que ja ens ofereixen avui dia els nous recursos i entorns digitals.<\/p>\n<div class=\"featured featured-blue\"><p>Una introducci\u00f3 plena i reeixida de la tecnologia en el m\u00f3n de l\u2019educaci\u00f3 no \u00e9s nom\u00e9s una q\u00fcesti\u00f3 t\u00e8cnica, sin\u00f3 que implica canvis en els objectius de les institucions educatives, en els rols d\u2019alumnes i de docents, i en les metodologies d\u2019ensenyament i aprenentatge.<\/p>\n<\/div>\n","protected":false},"excerpt":{"rendered":"<p>En un m\u00f3n marcat pel canvi i la complexitat creixent en tots els \u00e0mbits, l\u2019aprenentatge esdev\u00e9 un factor cr\u00edtic per al desenvolupament personal, social i professional de les persones. El m\u00e9s important ja no \u00e9s acumular coneixements, sin\u00f3 adquirir la capacitat d\u2019actualitzar-los de manera \u00e0gil, seleccionant i utilitzant adequadament la informaci\u00f3 oportuna, per a poder [&hellip;]<\/p>\n","protected":false},"author":1,"featured_media":0,"parent":0,"menu_order":3,"comment_status":"closed","ping_status":"closed","template":"","meta":[],"_links":{"self":[{"href":"http:\/\/ensenyament-aprenentatge-dig.recursos.uoc.edu\/teoria\/wp-json\/wp\/v2\/pages\/36"}],"collection":[{"href":"http:\/\/ensenyament-aprenentatge-dig.recursos.uoc.edu\/teoria\/wp-json\/wp\/v2\/pages"}],"about":[{"href":"http:\/\/ensenyament-aprenentatge-dig.recursos.uoc.edu\/teoria\/wp-json\/wp\/v2\/types\/page"}],"author":[{"embeddable":true,"href":"http:\/\/ensenyament-aprenentatge-dig.recursos.uoc.edu\/teoria\/wp-json\/wp\/v2\/users\/1"}],"replies":[{"embeddable":true,"href":"http:\/\/ensenyament-aprenentatge-dig.recursos.uoc.edu\/teoria\/wp-json\/wp\/v2\/comments?post=36"}],"version-history":[{"count":8,"href":"http:\/\/ensenyament-aprenentatge-dig.recursos.uoc.edu\/teoria\/wp-json\/wp\/v2\/pages\/36\/revisions"}],"predecessor-version":[{"id":426,"href":"http:\/\/ensenyament-aprenentatge-dig.recursos.uoc.edu\/teoria\/wp-json\/wp\/v2\/pages\/36\/revisions\/426"}],"wp:attachment":[{"href":"http:\/\/ensenyament-aprenentatge-dig.recursos.uoc.edu\/teoria\/wp-json\/wp\/v2\/media?parent=36"}],"curies":[{"name":"wp","href":"https:\/\/api.w.org\/{rel}","templated":true}]}}