{"id":108,"date":"2018-11-29T14:01:32","date_gmt":"2018-11-29T14:01:32","guid":{"rendered":"http:\/\/ensenyament-aprenentatge-dig.recursos.uoc.edu\/ensenyar_i_aprendre_en_linia\/?page_id=108"},"modified":"2019-03-01T15:36:51","modified_gmt":"2019-03-01T15:36:51","slug":"bibliografia","status":"publish","type":"page","link":"http:\/\/ensenyament-aprenentatge-dig.recursos.uoc.edu\/teoria\/bibliografia\/","title":{"rendered":"5. Bibliografia"},"content":{"rendered":"<p><strong>Adell, J. <\/strong>(2011). \u00abPedagog\u00eda 2.0\u00bb. A: J. Hern\u00e1ndez; M. Pennesi; D. Sobrino; A. V\u00e1zquez. <em>Experiencias educativas en las aulas del siglo XXI. Innovaci\u00f3n con TIC<\/em>. Barcelona: Ariel.<\/p>\n<p><strong>Benito, M. <\/strong>(2009). \u00abDesaf\u00edos pedag\u00f3gicos de la escuela virtual. Las TIC y los nuevos paradigmas educativos\u00bb (<em>Pedagogical Challenges of Virtual Schooling. ICT and new Educational Paradigms<\/em>). <em>Telos, cuadernos de Comunicaci\u00f3n e Innovaci\u00f3n <\/em>(n\u00fam. 78, p\u00e0g. 63-77).<\/p>\n<p><strong>Boyd, D. <\/strong>(2015). <em>It\u2019s Complicated: The Social Lives of Networked Teens<\/em><em>.<\/em> New Haven: Yale University Press.<\/p>\n<p><strong>Cabrero, J.<\/strong> (2006). \u00abComunidades virtuales para el aprendizaje. Su utilizaci\u00f3n en la ense\u00f1anza\u00bb. <em>EUTEC. Revista electr\u00f3nica de Tecnolog\u00eda Educativa<\/em> (n\u00fam. 20).<\/p>\n<p><strong>Casquero, O.<\/strong> (2010). \u00abPLE: una perspectiva tecnol\u00f3gica\u00bb. A: L. Casta\u00f1eda; J. Adell. <em>Entornos personales de aprendizaje: claves para el ecosistema educativo en red<\/em>. Alcoi: Marfil.<\/p>\n<p><strong>Casta\u00f1eda, L.; Adell, J.<\/strong> (ed.). (2013). <em>Entornos personales de aprendizaje: claves para el ecosistema educativo en red<\/em>. Alcoi: Marfil.<\/p>\n<p><strong>Churches, A. <\/strong>(2009). \u00abTaxonom\u00eda de Bloom para la era digital\u00bb. <em>Eduteka<\/em>. [Data de consulta: 27 de setembre de 2018]. <u><a href=\"http:\/\/eduteka.icesi.edu.co\/articulos\/TaxonomiaBloomDigital\">http<\/a><a href=\"http:\/\/eduteka.icesi.edu.co\/articulos\/TaxonomiaBloomDigital\" target=\"_blank\" rel=\"noopener\">:\/\/eduteka.icesi.edu.co\/articulos\/TaxonomiaBloomDigital<\/a><\/u><\/p>\n<p><strong>Dans, E. <\/strong>(2014). \u00abEl absurdo e infundado mito del nativo digital\u00bb<em>.<\/em> [Data de consulta: 12 de setembre de 2018]. <u><a href=\"https:\/\/www.enriquedans.com\/2014\/06\/el-absurdo-e-infundado-mito-del-nativo-digital.html\">https<\/a><a href=\"https:\/\/www.enriquedans.com\/2014\/06\/el-absurdo-e-infundado-mito-del-nativo-digital.html\" target=\"_blank\" rel=\"noopener\">:\/\/www.enriquedans.com\/2014\/06\/el-absurdo-e-infundado-mito-del-nativo-digital.html<\/a><\/u><\/p>\n<p><strong>Dans, E. <\/strong>(2018). \u00abEducaci\u00f3n y transformaci\u00f3n digital\u00bb. <em>Convives <\/em>(n\u00fam. 22, p\u00e0g. 36-40). [Data de consulta: 9 de setembre de 2018]. <u><a href=\"https:\/\/www.enriquedans.com\/wp-content\/uploads\/2018\/06\/Educacion-y-transformacion-digital-CONVIVES.pdf\">https<\/a><a href=\"https:\/\/www.enriquedans.com\/wp-content\/uploads\/2018\/06\/Educacion-y-transformacion-digital-CONVIVES.pdf\" target=\"_blank\" rel=\"noopener\">:\/\/www.enriquedans.com\/wp-content\/uploads\/2018\/06\/Educacion-y-transformacion-digital-CONVIVES.pdf<\/a><\/u><\/p>\n<p><strong>Ehlers, U. D.<\/strong> (2009). \u00abWeb 2.0 &#8211; e-learning 2.0 &#8211; quality 2.0? Quality for new learning cultures\u00bb. <em>Quality Assurance in Education <\/em>(vol. 17, n\u00fam. 3, p\u00e0g. 296-314).<\/p>\n<p><strong>Ferrari, A.<\/strong> (2012). \u00abDigital Competence in Practice: An Analysis of Frameworks\u00bb<em>. Joint\u00a0Research\u00a0Centre Institute\u00a0for\u00a0Prospective\u00a0Technological\u00a0Studies<\/em>. Luxemburg: Comissi\u00f3 Europea. [Data de consulta: 12 de setembre de 2018]. <u><a href=\"http:\/\/ftp.jrc.es\/EURdoc\/JRC68116.pdf\" target=\"_blank\" rel=\"noopener\">http:\/\/ftp.jrc.es\/EURdoc\/JRC68116.pdf<\/a><\/u><\/p>\n<p><strong>Fischer, G.<\/strong> (2000). \u00abLifelong Learning &#8211; More than Training\u00bb. <em>Journal of Interactive Learning Research<\/em> (n\u00fam. 11, p\u00e0g. 265).<\/p>\n<p><strong>Freire, J. <\/strong>(2009). \u00abMonogr\u00e1fico cultura digital y pr\u00e1cticas creativas en educaci\u00f3n\u00bb. <em>Universities and Knowledge Society Journal<\/em> (vol. 6, n\u00fam. 1). Barcelona: UOC.<\/p>\n<p><strong>Guitert, M.; P\u00e9rez-Mateo, M. <\/strong>(2013). \u00abLa colaboraci\u00f3n en la red: hacia una definici\u00f3n de aprendizaje colaborativo en entornos virtuales\u00bb. <em>Teor\u00eda de la Educaci\u00f3n. Educaci\u00f3n y Cultura en la Sociedad de la Informaci\u00f3n<\/em> (vol. 14, n\u00fam. 1, p\u00e0g. 10-31). [Data de consulta: 13 de setembre de 2018]. <u><a href=\"http:\/\/campus.usal.es\/~revistas_trabajo\/index.php\/revistatesi\/article\/view\/9440\/9730\" target=\"_blank\" rel=\"noopener\">http:\/\/campus.usal.es\/~revistas_trabajo\/index.php\/revistatesi\/article\/view\/9440\/9730<\/a><\/u><\/p>\n<p><strong>Guitert, M.; Romeu, T. <\/strong>(2011). La formaci\u00f3n en l\u00ednea: un reto para el docente.<em> Cuadernos de Pedagog\u00eda <\/em>(n\u00fam. 418, p\u00e0g. 77-81).<\/p>\n<p><strong>Guitert, M; Romeu, T.; Romero, M. <\/strong>(2016). \u00abElements clau en el disseny d\u2019activitats col\u00b7laboratives en xarxa\u00bb. [Data de consulta: 10 de setembre de 2018]. <u><a href=\"http:\/\/edulab.uoc.edu\/ca\/smartpapers-2\/\" target=\"_blank\" rel=\"noopener\">http:\/\/edulab.uoc.edu\/ca\/smartpapers-2\/<\/a><\/u><\/p>\n<p><strong>Guti\u00e9rrez, I. <\/strong>(2011). <em>Competencias del profesorado universitario en relaci\u00f3n al uso de tecnolog\u00edas de la informaci\u00f3n y comunicaci\u00f3n. An\u00e1lisis de la situaci\u00f3n en Espa\u00f1a y propuesta de un modelo de formaci\u00f3n<\/em>. Tesi doctoral presentada al Departament de Pedagogia de la Universitat Rovira i Virgili. [Data de consulta: 10 de setembre de 2018]. <u><a href=\"https:\/\/www.tdx.cat\/handle\/10803\/52835\" target=\"_blank\" rel=\"noopener\">https:\/\/www.tdx.cat\/handle\/10803\/52835<\/a><\/u><\/p>\n<p><strong>Hern\u00e1ndez, J.; Pennesi, M.; Sobrino, D; V\u00e1zquez, A. <\/strong>(coord.). <em>Experiencias educativas en las aulas del siglo XXI. Innovaci\u00f3n con TIC<\/em>. Barcelona: Ariel.<\/p>\n<p><strong>Parlament i Consell Europeu<\/strong> (2006). <em>Recomanaci\u00f3 del Parlament Europeu i del Consell de 18 de desembre de 2006 sobre les compet\u00e8ncies clau per a l\u2019aprenentatge permanent. <\/em>Diari oficial de la Uni\u00f3 Europea. [Data de consulta: 27 de setembre de 2018]. <u><a href=\"https:\/\/eur-lex.europa.eu\/legal-content\/ES\/TXT\/PDF\/?uri=CELEX:32018H0604(01)&amp;from=LT\" target=\"_blank\" rel=\"noopener\">https:\/\/eur-lex.europa.eu\/legal-content\/ES\/TXT\/PDF\/?uri=CELEX:32018H0604(01)&amp;from=LT<\/a><\/u><\/p>\n<p><strong>P\u00e9rez-Mateo, M.; Guitert, M. <\/strong>(2011). <em>Aprender y ense\u00f1ar en l\u00ednea<\/em>. Barcelona: UOC.<\/p>\n<p><strong>P\u00e9rez-Mateo, M.; Romero, M.; Romeu, T. <\/strong>(2014). La construcci\u00f3n colaborativa de proyectos como metodolog\u00eda para adquirir competencias digitales. <em>Comunicar <\/em>(vol. 42, n\u00fam. 21, p\u00e0g. 15-24).<\/p>\n<p><strong>Romeu, T; Guitert, M. <\/strong>(2013). <em>La docencia en l\u00ednea: de la teor\u00eda a la pr\u00e1ctica. <\/em>[Data de consulta: 20 de setembre de 2018]. <u><a href=\"http:\/\/cvapp.uoc.edu\/autors\/MostraPDFMaterialAction.do?id=204186&amp;ajax=true\" target=\"_blank\" rel=\"noopener\">http:\/\/cvapp.uoc.edu\/autors\/MostraPDFMaterialAction.do?id=204186&amp;ajax=true<\/a><\/u><\/p>\n<p><strong>Rhoades, E. B.; Friedel, C. R.; Morgan, A.C. <\/strong>(2009). \u00abCan Web 2.0 Improve our Collaboration?\u00bb. <em>Techniques <\/em>(vol. 84, n\u00fam. 1, p\u00e0g. 24-27).<\/p>\n<p><strong>Ros, B. <\/strong>(ed.) (2011). <em>Evoluci\u00f3n y retos de la educaci\u00f3n virtual. Construyendo el e-learning del siglo XXI<\/em>. Barcelona: UOC.<\/p>\n<p><strong>Rubia, B.; Guitert, M.<\/strong> (2014). \u00ab\u00bfLa revoluci\u00f3n de la ense\u00f1anza? Aprendizaje colaborativo en entornos virtuales (CSCL)\u00bb. <em>Comunicar <\/em>(vol. 21, n\u00fam. 42, p\u00e0g. 10-14).<\/p>\n<p><strong>Sangr\u00e0 Morer, A. <\/strong>(2010). \u00abEducaci\u00f3n a distancia, educaci\u00f3n presencial y usos de la tecnolog\u00eda: una tr\u00edada para el progreso educativo\u00bb. A: <em>La utilizaci\u00f3n de las tecnolog\u00edas de la informaci\u00f3n y la comunicaci\u00f3n en Educaci\u00f3n Superior: Un enfoque cr\u00edtico. <\/em>Confer\u00e8ncia pronunciada a la Universitat Aut\u00f2noma de Madrid el 20 de maig de 2002. Madrid: RED-U.<\/p>\n","protected":false},"excerpt":{"rendered":"<p>Adell, J. (2011). \u00abPedagog\u00eda 2.0\u00bb. A: J. Hern\u00e1ndez; M. Pennesi; D. Sobrino; A. V\u00e1zquez. Experiencias educativas en las aulas del siglo XXI. Innovaci\u00f3n con TIC. Barcelona: Ariel. Benito, M. (2009). \u00abDesaf\u00edos pedag\u00f3gicos de la escuela virtual. Las TIC y los nuevos paradigmas educativos\u00bb (Pedagogical Challenges of Virtual Schooling. ICT and new Educational Paradigms). Telos, cuadernos [&hellip;]<\/p>\n","protected":false},"author":1,"featured_media":0,"parent":0,"menu_order":25,"comment_status":"closed","ping_status":"closed","template":"","meta":[],"_links":{"self":[{"href":"http:\/\/ensenyament-aprenentatge-dig.recursos.uoc.edu\/teoria\/wp-json\/wp\/v2\/pages\/108"}],"collection":[{"href":"http:\/\/ensenyament-aprenentatge-dig.recursos.uoc.edu\/teoria\/wp-json\/wp\/v2\/pages"}],"about":[{"href":"http:\/\/ensenyament-aprenentatge-dig.recursos.uoc.edu\/teoria\/wp-json\/wp\/v2\/types\/page"}],"author":[{"embeddable":true,"href":"http:\/\/ensenyament-aprenentatge-dig.recursos.uoc.edu\/teoria\/wp-json\/wp\/v2\/users\/1"}],"replies":[{"embeddable":true,"href":"http:\/\/ensenyament-aprenentatge-dig.recursos.uoc.edu\/teoria\/wp-json\/wp\/v2\/comments?post=108"}],"version-history":[{"count":9,"href":"http:\/\/ensenyament-aprenentatge-dig.recursos.uoc.edu\/teoria\/wp-json\/wp\/v2\/pages\/108\/revisions"}],"predecessor-version":[{"id":488,"href":"http:\/\/ensenyament-aprenentatge-dig.recursos.uoc.edu\/teoria\/wp-json\/wp\/v2\/pages\/108\/revisions\/488"}],"wp:attachment":[{"href":"http:\/\/ensenyament-aprenentatge-dig.recursos.uoc.edu\/teoria\/wp-json\/wp\/v2\/media?parent=108"}],"curies":[{"name":"wp","href":"https:\/\/api.w.org\/{rel}","templated":true}]}}